{"id":56,"date":"2019-11-07T13:39:04","date_gmt":"2019-11-07T13:39:04","guid":{"rendered":"http:\/\/waldesruh-badkleinen.de\/?page_id=56"},"modified":"2019-11-07T13:53:11","modified_gmt":"2019-11-07T13:53:11","slug":"kontakt","status":"publish","type":"page","link":"http:\/\/waldesruh-badkleinen.de\/?page_id=56","title":{"rendered":"Kontakt"},"content":{"rendered":"\n<p>Wir stehen auf folgenden Wegen gerne f\u00fcr Ihre\nFragen und Reservierungsw\u00fcnsche zur Verf\u00fcgung:<\/p>\n\n\n\n<p>Haus Waldesruh<br>\nWaldstr. 15<br>\n23996 Bad Kleinen<\/p>\n\n\n\n<p>Telefon: +49 38423 &#8211; 50377<br>Fax: +49 38423 &#8211; 51517\u00a0\u00a0\u00a0\u00a0\u00a0\u00a0\u00a0\u00a0  <\/p>\n\n\n\n<p>Alternativ k\u00f6nnen Sie auch folgendes Kontaktformular nutzen, um uns eine Nachricht zukommen zu lassen. <\/p>\n\n\n\n<div role=\"form\" class=\"wpcf7\" id=\"wpcf7-f55-o1\" lang=\"de-DE\" dir=\"ltr\">\n<div class=\"screen-reader-response\"><p role=\"status\" aria-live=\"polite\" aria-atomic=\"true\"><\/p> <ul><\/ul><\/div>\n<form action=\"\/index.php?rest_route=%2Fwp%2Fv2%2Fpages%2F56#wpcf7-f55-o1\" method=\"post\" class=\"wpcf7-form init\" novalidate=\"novalidate\" data-status=\"init\">\n<div style=\"display: none;\">\n<input type=\"hidden\" name=\"_wpcf7\" value=\"55\" \/>\n<input type=\"hidden\" name=\"_wpcf7_version\" value=\"5.3.2\" \/>\n<input type=\"hidden\" name=\"_wpcf7_locale\" value=\"de_DE\" \/>\n<input type=\"hidden\" name=\"_wpcf7_unit_tag\" value=\"wpcf7-f55-o1\" \/>\n<input type=\"hidden\" name=\"_wpcf7_container_post\" value=\"0\" \/>\n<input type=\"hidden\" name=\"_wpcf7_posted_data_hash\" value=\"\" \/>\n<\/div>\n<p><label>\n<p>Name (Pflichtfeld)<br \/>\n    <span class=\"wpcf7-form-control-wrap myname\"><input type=\"text\" name=\"myname\" value=\"\" size=\"40\" class=\"wpcf7-form-control wpcf7-text wpcf7-validates-as-required\" aria-required=\"true\" aria-invalid=\"false\" \/><\/span> <\/label><\/p>\n<p><label><\/p>\n<p>Strasse, Nr.<br \/>\n    <span class=\"wpcf7-form-control-wrap street\"><input type=\"text\" name=\"street\" value=\"\" size=\"40\" class=\"wpcf7-form-control wpcf7-text\" aria-invalid=\"false\" \/><\/span> <\/label><\/p>\n<p><label><\/p>\n<p>PLZ, Ort<br \/>\n    <span class=\"wpcf7-form-control-wrap location\"><input type=\"text\" name=\"location\" value=\"\" size=\"40\" class=\"wpcf7-form-control wpcf7-text\" aria-invalid=\"false\" \/><\/span> <\/label><\/p>\n<p><label><\/p>\n<p>Telefon (Pflichtfeld)<br \/>\n    <span class=\"wpcf7-form-control-wrap telephone\"><input type=\"text\" name=\"telephone\" value=\"\" size=\"40\" class=\"wpcf7-form-control wpcf7-text wpcf7-validates-as-required\" aria-required=\"true\" aria-invalid=\"false\" \/><\/span> <\/label><\/p>\n<p><label><\/p>\n<p>E-Mail-Adresse (Pflichtfeld)<br \/>\n    <span class=\"wpcf7-form-control-wrap mail\"><input type=\"email\" name=\"mail\" value=\"\" size=\"40\" class=\"wpcf7-form-control wpcf7-text wpcf7-email wpcf7-validates-as-required wpcf7-validates-as-email\" aria-required=\"true\" aria-invalid=\"false\" \/><\/span> <\/label><\/p>\n<p><label><\/p>\n<p>Nachricht (Pflichtfeld)<br \/>\n    <span class=\"wpcf7-form-control-wrap message\"><textarea name=\"message\" cols=\"40\" rows=\"10\" class=\"wpcf7-form-control wpcf7-textarea wpcf7-validates-as-required\" aria-required=\"true\" aria-invalid=\"false\"><\/textarea><\/span> <\/label><\/p>\n<p><input type=\"submit\" value=\"Senden\" class=\"wpcf7-form-control wpcf7-submit\" \/><\/p>\n<div class=\"wpcf7-response-output\" aria-hidden=\"true\"><\/div><\/form><\/div>\n","protected":false},"excerpt":{"rendered":"<p>Wir stehen auf folgenden Wegen gerne f\u00fcr Ihre Fragen und Reservierungsw\u00fcnsche zur Verf\u00fcgung: Haus Waldesruh Waldstr. 15 23996 Bad Kleinen Telefon: +49 38423 &#8211; 50377Fax: +49 38423 &#8211; 51517\u00a0\u00a0\u00a0\u00a0\u00a0\u00a0\u00a0\u00a0 Alternativ k\u00f6nnen Sie auch folgendes Kontaktformular nutzen, um uns eine Nachricht zukommen zu lassen.<\/p>\n","protected":false},"author":1,"featured_media":0,"parent":0,"menu_order":0,"comment_status":"closed","ping_status":"closed","template":"","meta":[],"_links":{"self":[{"href":"http:\/\/waldesruh-badkleinen.de\/index.php?rest_route=\/wp\/v2\/pages\/56"}],"collection":[{"href":"http:\/\/waldesruh-badkleinen.de\/index.php?rest_route=\/wp\/v2\/pages"}],"about":[{"href":"http:\/\/waldesruh-badkleinen.de\/index.php?rest_route=\/wp\/v2\/types\/page"}],"author":[{"embeddable":true,"href":"http:\/\/waldesruh-badkleinen.de\/index.php?rest_route=\/wp\/v2\/users\/1"}],"replies":[{"embeddable":true,"href":"http:\/\/waldesruh-badkleinen.de\/index.php?rest_route=%2Fwp%2Fv2%2Fcomments&post=56"}],"version-history":[{"count":8,"href":"http:\/\/waldesruh-badkleinen.de\/index.php?rest_route=\/wp\/v2\/pages\/56\/revisions"}],"predecessor-version":[{"id":64,"href":"http:\/\/waldesruh-badkleinen.de\/index.php?rest_route=\/wp\/v2\/pages\/56\/revisions\/64"}],"wp:attachment":[{"href":"http:\/\/waldesruh-badkleinen.de\/index.php?rest_route=%2Fwp%2Fv2%2Fmedia&parent=56"}],"curies":[{"name":"wp","href":"https:\/\/api.w.org\/{rel}","templated":true}]}}